{"id":2,"date":"2025-07-17T18:26:27","date_gmt":"2025-07-17T21:26:27","guid":{"rendered":"http:\/\/perse.org.br\/?page_id=2"},"modified":"2025-09-22T17:19:21","modified_gmt":"2025-09-22T20:19:21","slug":"sobre","status":"publish","type":"page","link":"https:\/\/perse.org.br\/?page_id=2","title":{"rendered":"Sobre"},"content":{"rendered":"\n<h2 class=\"wp-block-heading\">Nossa Origem<\/h2>\n\n\n\n<p>O Instituto Per Se nasceu do encontro entre profissionais comprometidos com a transforma\u00e7\u00e3o social, a boa governan\u00e7a e a busca por pol\u00edticas p\u00fablicas mais eficazes. Fundado em 2025, no Rio de Janeiro, o Instituto surgiu como resposta \u00e0 crescente necessidade de uma atua\u00e7\u00e3o qualificada e independente no campo da <strong>avalia\u00e7\u00e3o e monitoramento de projetos e pol\u00edticas p\u00fablicas<\/strong> no Brasil.<\/p>\n\n\n\n<p>Fruto de uma trajet\u00f3ria conjunta de seus fundadores em \u00f3rg\u00e3os p\u00fablicos, universidades e organiza\u00e7\u00f5es da sociedade civil, o Instituto Per Se consolida a experi\u00eancia acumulada ao longo de mais de uma d\u00e9cada em iniciativas voltadas \u00e0 promo\u00e7\u00e3o do desenvolvimento humano, da inova\u00e7\u00e3o na gest\u00e3o p\u00fablica e da amplia\u00e7\u00e3o do impacto social de programas e a\u00e7\u00f5es governamentais e n\u00e3o governamentais.<\/p>\n\n\n\n<p>O Instituto se dedica a construir pontes entre a teoria e a pr\u00e1tica, entre o rigor metodol\u00f3gico e a a\u00e7\u00e3o transformadora no territ\u00f3rio. Atuamos de forma transversal, respeitando a diversidade de contextos e necessidades locais, sempre orientado por evid\u00eancias, \u00e9tica e compromisso com o interesse p\u00fablico.<\/p>\n\n\n\n<hr class=\"wp-block-separator has-alpha-channel-opacity\"\/>\n\n\n\n<h2 class=\"wp-block-heading\">Quem Somos<\/h2>\n\n\n\n<p>O Instituto Per Se \u00e9 composto por um time multidisciplinar de especialistas com ampla experi\u00eancia tanto no setor acad\u00eamico quanto na administra\u00e7\u00e3o p\u00fablica. A equipe re\u00fane pesquisadores, gestores, t\u00e9cnicos e consultores com forma\u00e7\u00f5es diversas, como ci\u00eancia pol\u00edtica, administra\u00e7\u00e3o, economia, estat\u00edstica e direito.<\/p>\n\n\n\n<p>Esse conjunto garante a capacidade de desenvolver diagn\u00f3sticos profundos, propor solu\u00e7\u00f5es realistas e acompanhar a implementa\u00e7\u00e3o de a\u00e7\u00f5es com olhar cr\u00edtico e sens\u00edvel \u00e0s realidades sociais.<\/p>\n\n\n\n<p>Trabalhamos com foco em resultados, transpar\u00eancia, inova\u00e7\u00e3o e impacto. Valorizamos o di\u00e1logo com diferentes atores e a constru\u00e7\u00e3o coletiva de conhecimento, visando sempre contribuir para uma sociedade mais equilibrada, eficiente e sustent\u00e1vel.<\/p>\n\n\n\n<hr class=\"wp-block-separator has-alpha-channel-opacity\"\/>\n\n\n\n<h2 class=\"wp-block-heading\">Diretoria<\/h2>\n\n\n\n<div class=\"wp-block-columns is-layout-flex wp-container-core-columns-is-layout-28f84493 wp-block-columns-is-layout-flex\">\n<div class=\"wp-block-column is-layout-flow wp-block-column-is-layout-flow\" style=\"flex-basis:66.66%\">\n<h4 class=\"wp-block-heading\">Presidente <\/h4>\n\n\n\n<p>Bruno Ferreira<br><strong>Cientista pol\u00edtico<\/strong> e Mestrando em Ci\u00eancia Pol\u00edtica pela Universidade Federal do Estado do Rio de Janeiro (UNIRIO). Possui experi\u00eancias com <strong>Rela\u00e7\u00f5es Institucionais e Governamentais<\/strong>, al\u00e9m de passagens pela \u00e1rea de inova\u00e7\u00e3o no setor privado.<\/p>\n\n\n\n<p>Sua trajet\u00f3ria combina atua\u00e7\u00e3o pr\u00e1tica no setor p\u00fablico e privado com s\u00f3lida forma\u00e7\u00e3o acad\u00eamica. Possui experi\u00eancia em pesquisa, elabora\u00e7\u00e3o de pol\u00edticas p\u00fablicas, an\u00e1lise institucional e rela\u00e7\u00f5es intergovernamentais, al\u00e9m de cursos e forma\u00e7\u00f5es complementares em \u00e1reas como processo legislativo, mudan\u00e7as clim\u00e1ticas, economia pol\u00edtica, direitos humanos e tecnologias digitais.<\/p>\n\n\n\n<p>\u00c9 fluente em ingl\u00eas e espanhol, com viv\u00eancia em f\u00f3runs nacionais e internacionais, e mant\u00e9m como eixos de interesse as rela\u00e7\u00f5es internacionais, pol\u00edticas p\u00fablicas e inova\u00e7\u00e3o.<\/p>\n<\/div>\n\n\n\n<div class=\"wp-block-column is-style-rounded is-layout-flow wp-block-column-is-layout-flow\" style=\"flex-basis:33.33%\">\n<figure class=\"wp-block-image size-large is-resized is-style-rounded\"><img loading=\"lazy\" decoding=\"async\" width=\"1024\" height=\"1024\" src=\"https:\/\/perse.org.br\/wp-content\/uploads\/2025\/08\/091A9627-1-1024x1024.jpg\" alt=\"\" class=\"wp-image-61\" style=\"width:296px;height:auto\" srcset=\"https:\/\/perse.org.br\/wp-content\/uploads\/2025\/08\/091A9627-1-1024x1024.jpg 1024w, https:\/\/perse.org.br\/wp-content\/uploads\/2025\/08\/091A9627-1-300x300.jpg 300w, https:\/\/perse.org.br\/wp-content\/uploads\/2025\/08\/091A9627-1-150x150.jpg 150w, https:\/\/perse.org.br\/wp-content\/uploads\/2025\/08\/091A9627-1-768x768.jpg 768w, https:\/\/perse.org.br\/wp-content\/uploads\/2025\/08\/091A9627-1-1536x1536.jpg 1536w, https:\/\/perse.org.br\/wp-content\/uploads\/2025\/08\/091A9627-1-2048x2048.jpg 2048w\" sizes=\"auto, (max-width: 1024px) 100vw, 1024px\" \/><\/figure>\n<\/div>\n\n\n\n<div class=\"wp-block-column is-layout-flow wp-block-column-is-layout-flow\"><\/div>\n<\/div>\n\n\n\n<hr class=\"wp-block-separator has-alpha-channel-opacity\"\/>\n\n\n\n<div class=\"wp-block-columns is-layout-flex wp-container-core-columns-is-layout-28f84493 wp-block-columns-is-layout-flex\">\n<div class=\"wp-block-column is-layout-flow wp-block-column-is-layout-flow\" style=\"flex-basis:66.66%\">\n<h4 class=\"wp-block-heading\">Secret\u00e1rio Geral <\/h4>\n\n\n\n<p>Jo\u00e3o Vitor Pimentel<br><strong>Cientista Pol\u00edtico<\/strong> formado pela Universidade Federal do Estado do Rio de Janeiro (UNIRIO), com experi\u00eancia em diferentes esferas da gest\u00e3o p\u00fablica. No Governo do Estado do Rio de Janeiro, atuou como assessor da Coordena\u00e7\u00e3o de Assuntos Municipais da Secretaria de Obras; na Prefeitura do Rio de Janeiro, exerceu a fun\u00e7\u00e3o de assessor-chefe na Secretaria da Mulher; e, atualmente, integra a Prefeitura de S\u00e3o Jo\u00e3o de Meriti como Assessor Especial de Planejamento de Licita\u00e7\u00e3o.<\/p>\n\n\n\n<p>Sua experi\u00eancia combina an\u00e1lise pol\u00edtica e institucional, gest\u00e3o administrativa e elabora\u00e7\u00e3o de estrat\u00e9gias para pol\u00edticas p\u00fablicas, especialmente nas \u00e1reas de planejamento, articula\u00e7\u00e3o federativa, pol\u00edticas de promo\u00e7\u00e3o a igualdade de g\u00eanero e infraestrutura urbana. Mant\u00e9m como principais eixos de interesse a gest\u00e3o p\u00fablica, pol\u00edticas p\u00fablicas, inova\u00e7\u00e3o institucional e rela\u00e7\u00f5es governamentais.<\/p>\n<\/div>\n\n\n\n<div class=\"wp-block-column is-layout-flow wp-block-column-is-layout-flow\" style=\"flex-basis:33.33%\">\n<figure class=\"wp-block-image size-full is-resized is-style-rounded\"><img loading=\"lazy\" decoding=\"async\" width=\"1919\" height=\"1590\" src=\"https:\/\/perse.org.br\/wp-content\/uploads\/2025\/09\/WhatsApp-Image-2025-08-26-at-14.50.52.jpeg\" alt=\"\" class=\"wp-image-89\" style=\"width:296px;height:auto\" srcset=\"https:\/\/perse.org.br\/wp-content\/uploads\/2025\/09\/WhatsApp-Image-2025-08-26-at-14.50.52.jpeg 1919w, https:\/\/perse.org.br\/wp-content\/uploads\/2025\/09\/WhatsApp-Image-2025-08-26-at-14.50.52-300x249.jpeg 300w, https:\/\/perse.org.br\/wp-content\/uploads\/2025\/09\/WhatsApp-Image-2025-08-26-at-14.50.52-1024x848.jpeg 1024w, https:\/\/perse.org.br\/wp-content\/uploads\/2025\/09\/WhatsApp-Image-2025-08-26-at-14.50.52-768x636.jpeg 768w, https:\/\/perse.org.br\/wp-content\/uploads\/2025\/09\/WhatsApp-Image-2025-08-26-at-14.50.52-1536x1273.jpeg 1536w\" sizes=\"auto, (max-width: 1919px) 100vw, 1919px\" \/><\/figure>\n<\/div>\n<\/div>\n\n\n\n<hr class=\"wp-block-separator has-alpha-channel-opacity\"\/>\n\n\n\n<div class=\"wp-block-columns is-layout-flex wp-container-core-columns-is-layout-28f84493 wp-block-columns-is-layout-flex\">\n<div class=\"wp-block-column is-layout-flow wp-block-column-is-layout-flow\" style=\"flex-basis:33.33%\">\n<figure class=\"wp-block-image size-large is-resized is-style-rounded\"><img loading=\"lazy\" decoding=\"async\" width=\"998\" height=\"1024\" src=\"https:\/\/perse.org.br\/wp-content\/uploads\/2025\/08\/cd2e131d-24f7-42b3-ada9-85a52afc89cf-998x1024.jpeg\" alt=\"\" class=\"wp-image-67\" style=\"width:296px;height:auto\" srcset=\"https:\/\/perse.org.br\/wp-content\/uploads\/2025\/08\/cd2e131d-24f7-42b3-ada9-85a52afc89cf-998x1024.jpeg 998w, https:\/\/perse.org.br\/wp-content\/uploads\/2025\/08\/cd2e131d-24f7-42b3-ada9-85a52afc89cf-293x300.jpeg 293w, https:\/\/perse.org.br\/wp-content\/uploads\/2025\/08\/cd2e131d-24f7-42b3-ada9-85a52afc89cf-768x788.jpeg 768w, https:\/\/perse.org.br\/wp-content\/uploads\/2025\/08\/cd2e131d-24f7-42b3-ada9-85a52afc89cf.jpeg 1170w\" sizes=\"auto, (max-width: 998px) 100vw, 998px\" \/><\/figure>\n<\/div>\n\n\n\n<div class=\"wp-block-column is-layout-flow wp-block-column-is-layout-flow\" style=\"flex-basis:66.66%\">\n<h4 class=\"wp-block-heading\">Tesoureira<\/h4>\n\n\n\n<p>Maria Carla Britto de Castro Lima<\/p>\n\n\n\n<p><strong>Advogada e biom\u00e9dica<\/strong>, Terapeuta, Consteladora Familiar e Multidimensional. \u00c9 Mestre em Direitos Humanos e Transforma\u00e7\u00e3o Social, com ampla experi\u00eancia em gest\u00e3o e an\u00e1lise de projetos. Atuou como Analista de Projetos e Programas na FINEP \u2013 Financiadora de Estudos e Projetos, al\u00e9m de ter sido respons\u00e1vel pela <strong>cria\u00e7\u00e3o e coordena\u00e7\u00e3o do N\u00facleo de Projetos da Universidade Federal do Estado do Rio de Janeiro (UNIRIO)<\/strong> at\u00e9 2023. <\/p>\n\n\n\n<p>Ao longo de sua carreira, Carla tem se destacado na lideran\u00e7a de iniciativas voltadas \u00e0 inova\u00e7\u00e3o social, ao fortalecimento institucional e \u00e0 integra\u00e7\u00e3o entre ensino, pesquisa e extens\u00e3o. Seu trabalho alia rigor t\u00e9cnico a uma vis\u00e3o humanizada, com foco em direitos humanos, sa\u00fade e pol\u00edticas p\u00fablicas. Com s\u00f3lida experi\u00eancia em <strong>articula\u00e7\u00e3o interinstitucional e no acompanhamento de projetos de grande impacto<\/strong>, contribui para transformar ideias em resultados concretos e sustent\u00e1veis.<\/p>\n<\/div>\n<\/div>\n\n\n\n<hr class=\"wp-block-separator has-alpha-channel-opacity\"\/>\n\n\n\n<div class=\"wp-block-columns is-layout-flex wp-container-core-columns-is-layout-28f84493 wp-block-columns-is-layout-flex\">\n<div class=\"wp-block-column is-layout-flow wp-block-column-is-layout-flow\" style=\"flex-basis:66.66%\">\n<h4 class=\"wp-block-heading\">Diretor-Social<\/h4>\n\n\n\n<p>Benedito Adeodato <\/p>\n\n\n\n<p><strong>Economista, advogado, publicit\u00e1rio e soci\u00f3logo<\/strong>, \u00e9 Doutor em Sociologia pelo Instituto Universit\u00e1rio de Pesquisas do Rio de Janeiro (IUPERJ), Mestre em Economia da Ind\u00fastria e da Tecnologia e Bacharel em Economia pelo Instituto de Economia da UFRJ. Foi Vice-Reitor da Universidade Federal do Estado do Rio de Janeiro (UNIRIO), onde tamb\u00e9m atua como Professor Titular nos cursos de Administra\u00e7\u00e3o P\u00fablica, Direito e Ci\u00eancia Pol\u00edtica, al\u00e9m de integrar o corpo permanente do Programa de P\u00f3s-Gradua\u00e7\u00e3o em Direito (PPGD).<\/p>\n\n\n\n<p>Com mais de quatro d\u00e9cadas de atua\u00e7\u00e3o na <strong>Financiadora de Estudos e Projetos (FINEP)<\/strong>, construiu uma s\u00f3lida trajet\u00f3ria ligada \u00e0 formula\u00e7\u00e3o e execu\u00e7\u00e3o de pol\u00edticas p\u00fablicas voltadas para ci\u00eancia, tecnologia e inova\u00e7\u00e3o. Ao longo da carreira, tamb\u00e9m exerceu fun\u00e7\u00f5es de grande relev\u00e2ncia institucional, como Diretor da Escola de Administra\u00e7\u00e3o P\u00fablica da UNIRIO, Decano do Centro de Ci\u00eancias Jur\u00eddicas e Pol\u00edticas (CCJP\/UNIRIO) e membro dos Conselhos Superiores CONSEPE e CONSUNI. No setor p\u00fablico, foi ainda Presidente e Diretor do <strong>Instituto Nacional da Propriedade Industrial (INPI)<\/strong> e Coordenador de Abastecimento e Pre\u00e7os Industriais do Minist\u00e9rio da Economia.<\/p>\n<\/div>\n\n\n\n<div class=\"wp-block-column is-layout-flow wp-block-column-is-layout-flow\" style=\"flex-basis:33.33%\">\n<figure class=\"wp-block-image size-full is-style-rounded\"><img loading=\"lazy\" decoding=\"async\" width=\"645\" height=\"676\" src=\"https:\/\/perse.org.br\/wp-content\/uploads\/2025\/09\/WhatsApp-Image-2025-09-08-at-08.35.05.jpeg\" alt=\"\" class=\"wp-image-88\" srcset=\"https:\/\/perse.org.br\/wp-content\/uploads\/2025\/09\/WhatsApp-Image-2025-09-08-at-08.35.05.jpeg 645w, https:\/\/perse.org.br\/wp-content\/uploads\/2025\/09\/WhatsApp-Image-2025-09-08-at-08.35.05-286x300.jpeg 286w\" sizes=\"auto, (max-width: 645px) 100vw, 645px\" \/><\/figure>\n<\/div>\n<\/div>\n\n\n\n<hr class=\"wp-block-separator has-alpha-channel-opacity\"\/>\n\n\n\n<h3 class=\"wp-block-heading\">Nossa Miss\u00e3o<\/h3>\n\n\n\n<blockquote class=\"wp-block-quote is-layout-flow wp-block-quote-is-layout-flow\">\n<p>Avaliar, monitorar e fortalecer projetos e pol\u00edticas p\u00fablicas, disseminando conhecimento, promovendo capacita\u00e7\u00f5es e articulando redes de colabora\u00e7\u00e3o, com base em princ\u00edpios de \u00e9tica, evid\u00eancia, diversidade e justi\u00e7a social.<\/p>\n<\/blockquote>\n\n\n\n<div class=\"wp-block-columns is-layout-flex wp-container-core-columns-is-layout-28f84493 wp-block-columns-is-layout-flex\">\n<div class=\"wp-block-column is-layout-flow wp-block-column-is-layout-flow\" style=\"flex-basis:33.33%\"><\/div>\n<\/div>\n","protected":false},"excerpt":{"rendered":"<p>Nossa Origem O Instituto Per Se nasceu do encontro entre profissionais comprometidos com a transforma\u00e7\u00e3o social, a boa governan\u00e7a e a busca por pol\u00edticas p\u00fablicas mais eficazes. Fundado em 2025, no Rio de Janeiro, o Instituto surgiu como resposta \u00e0 crescente necessidade de uma atua\u00e7\u00e3o qualificada e independente no campo da avalia\u00e7\u00e3o e monitoramento de [&hellip;]<\/p>\n","protected":false},"author":1,"featured_media":0,"parent":0,"menu_order":0,"comment_status":"closed","ping_status":"closed","template":"","meta":{"footnotes":""},"class_list":["post-2","page","type-page","status-publish","hentry"],"yoast_head":"<!-- This site is optimized with the Yoast SEO plugin v27.5 - https:\/\/yoast.com\/product\/yoast-seo-wordpress\/ -->\n<title>Sobre - Instituto Per Se<\/title>\n<meta name=\"robots\" content=\"index, follow, max-snippet:-1, max-image-preview:large, max-video-preview:-1\" \/>\n<link rel=\"canonical\" href=\"https:\/\/perse.org.br\/?page_id=2\" \/>\n<meta property=\"og:locale\" content=\"pt_BR\" \/>\n<meta property=\"og:type\" content=\"article\" \/>\n<meta property=\"og:title\" content=\"Sobre - Instituto Per Se\" \/>\n<meta property=\"og:description\" content=\"Nossa Origem O Instituto Per Se nasceu do encontro entre profissionais comprometidos com a transforma\u00e7\u00e3o social, a boa governan\u00e7a e a busca por pol\u00edticas p\u00fablicas mais eficazes. Fundado em 2025, no Rio de Janeiro, o Instituto surgiu como resposta \u00e0 crescente necessidade de uma atua\u00e7\u00e3o qualificada e independente no campo da avalia\u00e7\u00e3o e monitoramento de [&hellip;]\" \/>\n<meta property=\"og:url\" content=\"https:\/\/perse.org.br\/?page_id=2\" \/>\n<meta property=\"og:site_name\" content=\"Instituto Per Se\" \/>\n<meta property=\"article:modified_time\" content=\"2025-09-22T20:19:21+00:00\" \/>\n<meta property=\"og:image\" content=\"https:\/\/perse.org.br\/wp-content\/uploads\/2025\/08\/091A9627-1-scaled.jpg\" \/>\n\t<meta property=\"og:image:width\" content=\"2560\" \/>\n\t<meta property=\"og:image:height\" content=\"2560\" \/>\n\t<meta property=\"og:image:type\" content=\"image\/jpeg\" \/>\n<meta name=\"twitter:card\" content=\"summary_large_image\" \/>\n<meta name=\"twitter:label1\" content=\"Est. tempo de leitura\" \/>\n\t<meta name=\"twitter:data1\" content=\"5 minutos\" \/>\n<script type=\"application\/ld+json\" class=\"yoast-schema-graph\">{\"@context\":\"https:\\\/\\\/schema.org\",\"@graph\":[{\"@type\":\"WebPage\",\"@id\":\"https:\\\/\\\/perse.org.br\\\/?page_id=2\",\"url\":\"https:\\\/\\\/perse.org.br\\\/?page_id=2\",\"name\":\"Sobre - Instituto Per Se\",\"isPartOf\":{\"@id\":\"https:\\\/\\\/perse.org.br\\\/#website\"},\"primaryImageOfPage\":{\"@id\":\"https:\\\/\\\/perse.org.br\\\/?page_id=2#primaryimage\"},\"image\":{\"@id\":\"https:\\\/\\\/perse.org.br\\\/?page_id=2#primaryimage\"},\"thumbnailUrl\":\"https:\\\/\\\/perse.org.br\\\/wp-content\\\/uploads\\\/2025\\\/08\\\/091A9627-1-1024x1024.jpg\",\"datePublished\":\"2025-07-17T21:26:27+00:00\",\"dateModified\":\"2025-09-22T20:19:21+00:00\",\"breadcrumb\":{\"@id\":\"https:\\\/\\\/perse.org.br\\\/?page_id=2#breadcrumb\"},\"inLanguage\":\"pt-BR\",\"potentialAction\":[{\"@type\":\"ReadAction\",\"target\":[\"https:\\\/\\\/perse.org.br\\\/?page_id=2\"]}]},{\"@type\":\"ImageObject\",\"inLanguage\":\"pt-BR\",\"@id\":\"https:\\\/\\\/perse.org.br\\\/?page_id=2#primaryimage\",\"url\":\"https:\\\/\\\/perse.org.br\\\/wp-content\\\/uploads\\\/2025\\\/08\\\/091A9627-1-scaled.jpg\",\"contentUrl\":\"https:\\\/\\\/perse.org.br\\\/wp-content\\\/uploads\\\/2025\\\/08\\\/091A9627-1-scaled.jpg\",\"width\":2560,\"height\":2560},{\"@type\":\"BreadcrumbList\",\"@id\":\"https:\\\/\\\/perse.org.br\\\/?page_id=2#breadcrumb\",\"itemListElement\":[{\"@type\":\"ListItem\",\"position\":1,\"name\":\"In\u00edcio\",\"item\":\"https:\\\/\\\/perse.org.br\\\/\"},{\"@type\":\"ListItem\",\"position\":2,\"name\":\"Sobre\"}]},{\"@type\":\"WebSite\",\"@id\":\"https:\\\/\\\/perse.org.br\\\/#website\",\"url\":\"https:\\\/\\\/perse.org.br\\\/\",\"name\":\"Instituto Per Se\",\"description\":\"\",\"publisher\":{\"@id\":\"https:\\\/\\\/perse.org.br\\\/#organization\"},\"potentialAction\":[{\"@type\":\"SearchAction\",\"target\":{\"@type\":\"EntryPoint\",\"urlTemplate\":\"https:\\\/\\\/perse.org.br\\\/?s={search_term_string}\"},\"query-input\":{\"@type\":\"PropertyValueSpecification\",\"valueRequired\":true,\"valueName\":\"search_term_string\"}}],\"inLanguage\":\"pt-BR\"},{\"@type\":\"Organization\",\"@id\":\"https:\\\/\\\/perse.org.br\\\/#organization\",\"name\":\"Instituto Per Se\",\"url\":\"https:\\\/\\\/perse.org.br\\\/\",\"logo\":{\"@type\":\"ImageObject\",\"inLanguage\":\"pt-BR\",\"@id\":\"https:\\\/\\\/perse.org.br\\\/#\\\/schema\\\/logo\\\/image\\\/\",\"url\":\"https:\\\/\\\/perse.org.br\\\/wp-content\\\/uploads\\\/2025\\\/09\\\/cropped-logo-1.png\",\"contentUrl\":\"https:\\\/\\\/perse.org.br\\\/wp-content\\\/uploads\\\/2025\\\/09\\\/cropped-logo-1.png\",\"width\":512,\"height\":512,\"caption\":\"Instituto Per Se\"},\"image\":{\"@id\":\"https:\\\/\\\/perse.org.br\\\/#\\\/schema\\\/logo\\\/image\\\/\"},\"sameAs\":[\"https:\\\/\\\/www.instagram.com\\\/perseorg\"]}]}<\/script>\n<!-- \/ Yoast SEO plugin. -->","yoast_head_json":{"title":"Sobre - Instituto Per Se","robots":{"index":"index","follow":"follow","max-snippet":"max-snippet:-1","max-image-preview":"max-image-preview:large","max-video-preview":"max-video-preview:-1"},"canonical":"https:\/\/perse.org.br\/?page_id=2","og_locale":"pt_BR","og_type":"article","og_title":"Sobre - Instituto Per Se","og_description":"Nossa Origem O Instituto Per Se nasceu do encontro entre profissionais comprometidos com a transforma\u00e7\u00e3o social, a boa governan\u00e7a e a busca por pol\u00edticas p\u00fablicas mais eficazes. Fundado em 2025, no Rio de Janeiro, o Instituto surgiu como resposta \u00e0 crescente necessidade de uma atua\u00e7\u00e3o qualificada e independente no campo da avalia\u00e7\u00e3o e monitoramento de [&hellip;]","og_url":"https:\/\/perse.org.br\/?page_id=2","og_site_name":"Instituto Per Se","article_modified_time":"2025-09-22T20:19:21+00:00","og_image":[{"width":2560,"height":2560,"url":"https:\/\/perse.org.br\/wp-content\/uploads\/2025\/08\/091A9627-1-scaled.jpg","type":"image\/jpeg"}],"twitter_card":"summary_large_image","twitter_misc":{"Est. tempo de leitura":"5 minutos"},"schema":{"@context":"https:\/\/schema.org","@graph":[{"@type":"WebPage","@id":"https:\/\/perse.org.br\/?page_id=2","url":"https:\/\/perse.org.br\/?page_id=2","name":"Sobre - Instituto Per Se","isPartOf":{"@id":"https:\/\/perse.org.br\/#website"},"primaryImageOfPage":{"@id":"https:\/\/perse.org.br\/?page_id=2#primaryimage"},"image":{"@id":"https:\/\/perse.org.br\/?page_id=2#primaryimage"},"thumbnailUrl":"https:\/\/perse.org.br\/wp-content\/uploads\/2025\/08\/091A9627-1-1024x1024.jpg","datePublished":"2025-07-17T21:26:27+00:00","dateModified":"2025-09-22T20:19:21+00:00","breadcrumb":{"@id":"https:\/\/perse.org.br\/?page_id=2#breadcrumb"},"inLanguage":"pt-BR","potentialAction":[{"@type":"ReadAction","target":["https:\/\/perse.org.br\/?page_id=2"]}]},{"@type":"ImageObject","inLanguage":"pt-BR","@id":"https:\/\/perse.org.br\/?page_id=2#primaryimage","url":"https:\/\/perse.org.br\/wp-content\/uploads\/2025\/08\/091A9627-1-scaled.jpg","contentUrl":"https:\/\/perse.org.br\/wp-content\/uploads\/2025\/08\/091A9627-1-scaled.jpg","width":2560,"height":2560},{"@type":"BreadcrumbList","@id":"https:\/\/perse.org.br\/?page_id=2#breadcrumb","itemListElement":[{"@type":"ListItem","position":1,"name":"In\u00edcio","item":"https:\/\/perse.org.br\/"},{"@type":"ListItem","position":2,"name":"Sobre"}]},{"@type":"WebSite","@id":"https:\/\/perse.org.br\/#website","url":"https:\/\/perse.org.br\/","name":"Instituto Per Se","description":"","publisher":{"@id":"https:\/\/perse.org.br\/#organization"},"potentialAction":[{"@type":"SearchAction","target":{"@type":"EntryPoint","urlTemplate":"https:\/\/perse.org.br\/?s={search_term_string}"},"query-input":{"@type":"PropertyValueSpecification","valueRequired":true,"valueName":"search_term_string"}}],"inLanguage":"pt-BR"},{"@type":"Organization","@id":"https:\/\/perse.org.br\/#organization","name":"Instituto Per Se","url":"https:\/\/perse.org.br\/","logo":{"@type":"ImageObject","inLanguage":"pt-BR","@id":"https:\/\/perse.org.br\/#\/schema\/logo\/image\/","url":"https:\/\/perse.org.br\/wp-content\/uploads\/2025\/09\/cropped-logo-1.png","contentUrl":"https:\/\/perse.org.br\/wp-content\/uploads\/2025\/09\/cropped-logo-1.png","width":512,"height":512,"caption":"Instituto Per Se"},"image":{"@id":"https:\/\/perse.org.br\/#\/schema\/logo\/image\/"},"sameAs":["https:\/\/www.instagram.com\/perseorg"]}]}},"_links":{"self":[{"href":"https:\/\/perse.org.br\/index.php?rest_route=\/wp\/v2\/pages\/2","targetHints":{"allow":["GET"]}}],"collection":[{"href":"https:\/\/perse.org.br\/index.php?rest_route=\/wp\/v2\/pages"}],"about":[{"href":"https:\/\/perse.org.br\/index.php?rest_route=\/wp\/v2\/types\/page"}],"author":[{"embeddable":true,"href":"https:\/\/perse.org.br\/index.php?rest_route=\/wp\/v2\/users\/1"}],"replies":[{"embeddable":true,"href":"https:\/\/perse.org.br\/index.php?rest_route=%2Fwp%2Fv2%2Fcomments&post=2"}],"version-history":[{"count":19,"href":"https:\/\/perse.org.br\/index.php?rest_route=\/wp\/v2\/pages\/2\/revisions"}],"predecessor-version":[{"id":92,"href":"https:\/\/perse.org.br\/index.php?rest_route=\/wp\/v2\/pages\/2\/revisions\/92"}],"wp:attachment":[{"href":"https:\/\/perse.org.br\/index.php?rest_route=%2Fwp%2Fv2%2Fmedia&parent=2"}],"curies":[{"name":"wp","href":"https:\/\/api.w.org\/{rel}","templated":true}]}}